{"id":494,"date":"2025-07-18T11:08:34","date_gmt":"2025-07-18T09:08:34","guid":{"rendered":"http:\/\/droitemoderniste.be\/?page_id=494"},"modified":"2025-09-20T14:18:44","modified_gmt":"2025-09-20T12:18:44","slug":"federalisme","status":"publish","type":"page","link":"https:\/\/droitemoderniste.be\/index.php\/programme\/priorites\/federalisme\/federalisme\/","title":{"rendered":"Rationaliser le F\u00e9d\u00e9ralisme"},"content":{"rendered":"\n<figure class=\"wp-block-image size-full\"><img loading=\"lazy\" decoding=\"async\" width=\"704\" height=\"396\" src=\"https:\/\/droitemoderniste.be\/wp-content\/uploads\/2025\/09\/plongee.webp\" alt=\"\" class=\"wp-image-1158\" srcset=\"https:\/\/droitemoderniste.be\/wp-content\/uploads\/2025\/09\/plongee.webp 704w, https:\/\/droitemoderniste.be\/wp-content\/uploads\/2025\/09\/plongee-300x169.webp 300w\" sizes=\"auto, (max-width: 704px) 100vw, 704px\" \/><\/figure>\n\n\n\n<p class=\"wp-block-paragraph\"><strong><mark style=\"background-color:rgba(0, 0, 0, 0);color:#ff6900\" class=\"has-inline-color\">MDM<\/mark><\/strong> pr\u00f4ne une r\u00e9forme du f\u00e9d\u00e9ralisme qui renforce la <strong>coh\u00e9rence entre les entit\u00e9s belges<\/strong> principalement en simplifiant la structure institutionnelle, en clarifiant les comp\u00e9tences de chaque niveau de pouvoir et en renfor\u00e7ant la coop\u00e9ration.<\/p>\n\n\n\n<p class=\"wp-block-paragraph\">Actuellement, la superposition complexe des niveaux de pouvoir (\u201clasagne institutionnelle\u201d) rend la gouvernance difficilement lisible et cr\u00e9e des doublons ou des conflits de comp\u00e9tences, notamment \u00e0 Bruxelles et entre Communaut\u00e9s et R\u00e9gion. Une r\u00e9forme visant \u00e0 rationaliser cette organisation permettra\u202f:<\/p>\n\n\n\n<ul class=\"wp-block-list\">\n<li><strong>Une r\u00e9partition des comp\u00e9tences plus claire<\/strong> : Attribuer de mani\u00e8re exclusive certaines mati\u00e8res \u00e0 l\u2019\u00c9tat f\u00e9d\u00e9ral (comp\u00e9tences r\u00e9galiennes\u202f: justice, d\u00e9fense, s\u00e9curit\u00e9) et d\u2019autres aux entit\u00e9s f\u00e9d\u00e9r\u00e9es, tout en regroupant des blocs th\u00e9matiques coh\u00e9rents. Cela limiterait les chevauchements et rendrait les politiques plus coh\u00e9rentes.<\/li>\n\n\n\n<li><strong>Un r\u00f4le renforc\u00e9 pour le niveau f\u00e9d\u00e9ral comme garant de l\u2019\u00e9quilibre<\/strong> : L\u2019\u00c9tat f\u00e9d\u00e9ral jouerait le r\u00f4le d&rsquo;arbitre et de coordinateur, notamment en p\u00e9riodes de crise, pour garantir l\u2019unit\u00e9 nationale tout en respectant l\u2019autonomie des entit\u00e9s f\u00e9d\u00e9r\u00e9es.<\/li>\n\n\n\n<li><strong>Le d\u00e9veloppement de m\u00e9canismes de concertation efficaces<\/strong> : Un Parlement f\u00e9d\u00e9ral r\u00e9nov\u00e9, v\u00e9ritable chambre de dialogue entre les communaut\u00e9s, incarnerait un espace institutionnel de dialogue, d\u2019arbitrage et de suivi commun des grandes orientations politiques pour toute la Belgique.<\/li>\n\n\n\n<li><strong>Un mod\u00e8le f\u00e9d\u00e9ral fond\u00e9 sur la loyaut\u00e9 et la coop\u00e9ration<\/strong> : En garantissant un \u00e9quilibre entre les droits des citoyens, la protection des minorit\u00e9s et l\u2019autonomie des entit\u00e9s, on r\u00e9duit les tensions communautaires et on am\u00e9liore la coh\u00e9rence globale de l\u2019action publique.<\/li>\n<\/ul>\n\n\n\n<p class=\"wp-block-paragraph\">En somme, pour nous, une r\u00e9forme du f\u00e9d\u00e9ralisme belge rendra plus lisibles les responsabilit\u00e9s, favoriserait la synergie entre les entit\u00e9s et renforcerait la capacit\u00e9 collective \u00e0 r\u00e9pondre efficacement aux enjeux nationaux et r\u00e9gionaux.<\/p>\n","protected":false},"excerpt":{"rendered":"<p>MDM pr\u00f4ne une r\u00e9forme du f\u00e9d\u00e9ralisme qui renforce la coh\u00e9rence entre les entit\u00e9s belges principalement en simplifiant la structure institutionnelle, en clarifiant les comp\u00e9tences de chaque niveau de pouvoir et en renfor\u00e7ant la coop\u00e9ration. Actuellement, la superposition complexe des niveaux de pouvoir (\u201clasagne institutionnelle\u201d) rend la gouvernance difficilement lisible et cr\u00e9e des doublons ou des [&hellip;]<\/p>\n","protected":false},"author":1,"featured_media":0,"parent":804,"menu_order":0,"comment_status":"closed","ping_status":"closed","template":"","meta":{"_monsterinsights_skip_tracking":false,"_uf_show_specific_survey":0,"_uf_disable_surveys":false,"footnotes":""},"class_list":["post-494","page","type-page","status-publish","hentry"],"_links":{"self":[{"href":"https:\/\/droitemoderniste.be\/index.php\/wp-json\/wp\/v2\/pages\/494","targetHints":{"allow":["GET"]}}],"collection":[{"href":"https:\/\/droitemoderniste.be\/index.php\/wp-json\/wp\/v2\/pages"}],"about":[{"href":"https:\/\/droitemoderniste.be\/index.php\/wp-json\/wp\/v2\/types\/page"}],"author":[{"embeddable":true,"href":"https:\/\/droitemoderniste.be\/index.php\/wp-json\/wp\/v2\/users\/1"}],"replies":[{"embeddable":true,"href":"https:\/\/droitemoderniste.be\/index.php\/wp-json\/wp\/v2\/comments?post=494"}],"version-history":[{"count":3,"href":"https:\/\/droitemoderniste.be\/index.php\/wp-json\/wp\/v2\/pages\/494\/revisions"}],"predecessor-version":[{"id":1159,"href":"https:\/\/droitemoderniste.be\/index.php\/wp-json\/wp\/v2\/pages\/494\/revisions\/1159"}],"up":[{"embeddable":true,"href":"https:\/\/droitemoderniste.be\/index.php\/wp-json\/wp\/v2\/pages\/804"}],"wp:attachment":[{"href":"https:\/\/droitemoderniste.be\/index.php\/wp-json\/wp\/v2\/media?parent=494"}],"curies":[{"name":"wp","href":"https:\/\/api.w.org\/{rel}","templated":true}]}}