{"id":3046,"date":"2026-07-22T14:53:08","date_gmt":"2026-07-22T12:53:08","guid":{"rendered":"https:\/\/droitemoderniste.be\/?page_id=3046"},"modified":"2026-07-22T14:53:08","modified_gmt":"2026-07-22T12:53:08","slug":"make-belgium-belgian-again","status":"publish","type":"page","link":"https:\/\/droitemoderniste.be\/index.php\/positionnement\/notre-singularite\/make-belgium-belgian-again\/","title":{"rendered":"\u00ab\u00a0Make Belgium Belgian Again\u00a0\u00bb"},"content":{"rendered":"\n<figure class=\"wp-block-image size-full\"><img loading=\"lazy\" decoding=\"async\" width=\"399\" height=\"224\" src=\"https:\/\/droitemoderniste.be\/wp-content\/uploads\/2026\/07\/population-belge-effondrement.jpg\" alt=\"\" class=\"wp-image-3047\" srcset=\"https:\/\/droitemoderniste.be\/wp-content\/uploads\/2026\/07\/population-belge-effondrement.jpg 399w, https:\/\/droitemoderniste.be\/wp-content\/uploads\/2026\/07\/population-belge-effondrement-300x168.jpg 300w\" sizes=\"auto, (max-width: 399px) 100vw, 399px\" \/><\/figure>\n\n\n\n<p class=\"wp-block-paragraph\">La Belgique traverse une crise silencieuse mais profonde : celle de la coh\u00e9sion. Fragmentation sociale, segmentation culturelle, cloisonnement territorial\u2026 autant de dynamiques qui, mises bout \u00e0 bout, affaiblissent le socle commun n\u00e9cessaire \u00e0 toute soci\u00e9t\u00e9 d\u00e9mocratique viable. Face \u00e0 ce constat, persister dans une gestion passive de la diversit\u00e9 rel\u00e8ve d\u00e9sormais de l\u2019aveuglement politique. Il est temps d\u2019assumer une strat\u00e9gie claire : organiser le commun. Autrement dit, engager un v\u00e9ritable programme de \u201cbelgisation\u201d.<\/p>\n\n\n\n<p class=\"wp-block-paragraph\">La \u201cbelgisation\u201d ne consiste ni \u00e0 nier les identit\u00e9s individuelles, ni \u00e0 imposer une uniformit\u00e9 artificielle. Elle vise au contraire \u00e0 red\u00e9finir un cadre partag\u00e9, exigeant et lisible, fond\u00e9 sur des droits, mais aussi sur des devoirs. Elle repose sur une id\u00e9e simple : une soci\u00e9t\u00e9 ne tient que si elle se dote de rep\u00e8res communs, compris, accept\u00e9s et v\u00e9cus par tous.<\/p>\n\n\n\n<p class=\"wp-block-paragraph\">Cela suppose d\u2019abord de conditionner certains droits sociaux ainsi que l\u2019acc\u00e8s \u00e0 la nationalit\u00e9 \u00e0 une int\u00e9gration effective. Ma\u00eetriser une langue nationale, comprendre les institutions et adh\u00e9rer aux principes de l\u2019\u00c9tat de droit ne peuvent plus \u00eatre consid\u00e9r\u00e9s comme accessoires. Ce sont des pr\u00e9requis essentiels \u00e0 la participation civique.<\/p>\n\n\n\n<p class=\"wp-block-paragraph\">Dans cette logique, un parcours d\u2019int\u00e9gration obligatoire, structur\u00e9 et \u00e9valu\u00e9 doit s\u2019imposer \u00e0 tout nouvel arrivant. L\u2019int\u00e9gration ne peut rester une option ; elle doit devenir une exigence assortie d\u2019objectifs clairs et de cons\u00e9quences en cas de manquement.<\/p>\n\n\n\n<p class=\"wp-block-paragraph\">Mais l\u2019int\u00e9gration ne se joue pas uniquement \u00e0 l\u2019\u00e2ge adulte. Elle se construit d\u00e8s l\u2019\u00e9cole. Il est imp\u00e9ratif de r\u00e9affirmer l\u2019enseignement comme pilier de la coh\u00e9sion nationale, en renfor\u00e7ant l\u2019apprentissage de l\u2019histoire belge, du fonctionnement institutionnel et des valeurs d\u00e9mocratiques. Parall\u00e8lement, la lutte contre la s\u00e9gr\u00e9gation scolaire \u2014 qu\u2019elle soit sociale ou g\u00e9ographique \u2014 doit devenir une priorit\u00e9 structurelle, avec des m\u00e9canismes concrets de r\u00e9\u00e9quilibrage.<\/p>\n\n\n\n<p class=\"wp-block-paragraph\">La coh\u00e9sion suppose \u00e9galement des exp\u00e9riences communes. L\u2019instauration d\u2019un service civique obligatoire, m\u00eame de courte dur\u00e9e, permettrait de recr\u00e9er des passerelles entre jeunes issus de milieux diff\u00e9rents, autour d\u2019un engagement collectif et de rep\u00e8res partag\u00e9s.<\/p>\n\n\n\n<p class=\"wp-block-paragraph\">Au c\u0153ur de ce projet doit \u00e9merger un v\u00e9ritable \u201csocle civique belge\u201d : un cadre explicite d\u00e9finissant les droits, les devoirs et les normes attendues de tout citoyen ou r\u00e9sident durable. Ce socle ne serait pas symbolique, mais op\u00e9rationnel, guidant l\u2019ensemble des politiques publiques.<\/p>\n\n\n\n<p class=\"wp-block-paragraph\">Celles-ci doivent d\u2019ailleurs \u00eatre r\u00e9orient\u00e9es avec clart\u00e9 : l\u2019int\u00e9r\u00eat g\u00e9n\u00e9ral doit primer sur les logiques communautaires ou particularistes dans l\u2019allocation des ressources. Cela implique \u00e9galement de conditionner les financements publics \u2014 qu\u2019ils soient associatifs, culturels ou locaux \u2014 au respect actif des principes de mixit\u00e9, de coh\u00e9sion et de non-segmentation.<\/p>\n\n\n\n<p class=\"wp-block-paragraph\">Dans un \u00c9tat f\u00e9d\u00e9ral comme la Belgique, cette ambition n\u00e9cessite enfin une clarification des responsabilit\u00e9s. Certaines comp\u00e9tences strat\u00e9giques, li\u00e9es \u00e0 la coh\u00e9sion sociale, \u00e0 la s\u00e9curit\u00e9 et \u00e0 l\u2019int\u00e9gration, gagneraient \u00e0 \u00eatre renforc\u00e9es au niveau f\u00e9d\u00e9ral afin de garantir des politiques transversales, lisibles et coh\u00e9rentes.<\/p>\n\n\n\n<p class=\"wp-block-paragraph\">Reste un imp\u00e9ratif souvent \u00e9lud\u00e9 : celui de la v\u00e9rit\u00e9. La classe politique doit assumer un discours clair sur les fractures sociales, fixer des objectifs mesurables et accepter une \u00e9valuation r\u00e9guli\u00e8re des r\u00e9sultats. Sans transparence ni responsabilit\u00e9, aucune politique de coh\u00e9sion ne peut r\u00e9ussir.<\/p>\n\n\n\n<p class=\"wp-block-paragraph\">Ce programme dessine une ligne directrice nette : passer d\u2019une coexistence fragment\u00e9e \u00e0 une communaut\u00e9 structur\u00e9e. La Belgique ne manque ni de ressources ni de talents. Ce qui lui fait d\u00e9faut aujourd\u2019hui, c\u2019est une volont\u00e9 politique assum\u00e9e de faire soci\u00e9t\u00e9. La \u201cbelgisation\u201d n\u2019est pas un slogan ; c\u2019est une condition de survie collective.<\/p>\n","protected":false},"excerpt":{"rendered":"<p>La Belgique traverse une crise silencieuse mais profonde : celle de la coh\u00e9sion. Fragmentation sociale, segmentation culturelle, cloisonnement territorial\u2026 autant de dynamiques qui, mises bout \u00e0 bout, affaiblissent le socle commun n\u00e9cessaire \u00e0 toute soci\u00e9t\u00e9 d\u00e9mocratique viable. Face \u00e0 ce constat, persister dans une gestion passive de la diversit\u00e9 rel\u00e8ve d\u00e9sormais de l\u2019aveuglement politique. Il [&hellip;]<\/p>\n","protected":false},"author":1,"featured_media":0,"parent":1456,"menu_order":0,"comment_status":"closed","ping_status":"closed","template":"","meta":{"_monsterinsights_skip_tracking":false,"_uf_show_specific_survey":0,"_uf_disable_surveys":false,"footnotes":""},"class_list":["post-3046","page","type-page","status-publish","hentry"],"_links":{"self":[{"href":"https:\/\/droitemoderniste.be\/index.php\/wp-json\/wp\/v2\/pages\/3046","targetHints":{"allow":["GET"]}}],"collection":[{"href":"https:\/\/droitemoderniste.be\/index.php\/wp-json\/wp\/v2\/pages"}],"about":[{"href":"https:\/\/droitemoderniste.be\/index.php\/wp-json\/wp\/v2\/types\/page"}],"author":[{"embeddable":true,"href":"https:\/\/droitemoderniste.be\/index.php\/wp-json\/wp\/v2\/users\/1"}],"replies":[{"embeddable":true,"href":"https:\/\/droitemoderniste.be\/index.php\/wp-json\/wp\/v2\/comments?post=3046"}],"version-history":[{"count":1,"href":"https:\/\/droitemoderniste.be\/index.php\/wp-json\/wp\/v2\/pages\/3046\/revisions"}],"predecessor-version":[{"id":3048,"href":"https:\/\/droitemoderniste.be\/index.php\/wp-json\/wp\/v2\/pages\/3046\/revisions\/3048"}],"up":[{"embeddable":true,"href":"https:\/\/droitemoderniste.be\/index.php\/wp-json\/wp\/v2\/pages\/1456"}],"wp:attachment":[{"href":"https:\/\/droitemoderniste.be\/index.php\/wp-json\/wp\/v2\/media?parent=3046"}],"curies":[{"name":"wp","href":"https:\/\/api.w.org\/{rel}","templated":true}]}}