{"id":300,"date":"2025-07-07T14:51:39","date_gmt":"2025-07-07T12:51:39","guid":{"rendered":"http:\/\/droitemoderniste.be\/?page_id=300"},"modified":"2026-06-06T13:41:15","modified_gmt":"2026-06-06T11:41:15","slug":"enseignement","status":"publish","type":"page","link":"https:\/\/droitemoderniste.be\/index.php\/programme\/priorites\/enseignement\/","title":{"rendered":"Enseignement moderniste"},"content":{"rendered":"\n<figure class=\"wp-block-image size-full\"><img loading=\"lazy\" decoding=\"async\" width=\"300\" height=\"168\" src=\"https:\/\/droitemoderniste.be\/wp-content\/uploads\/2026\/06\/ecole1-1.jpg\" alt=\"\" class=\"wp-image-2931\"\/><\/figure>\n\n\n\n<p class=\"wp-block-paragraph\"><mark style=\"background-color:rgba(0, 0, 0, 0);color:#ff6900\" class=\"has-inline-color\">Mouvement Droite Moderniste<\/mark> con\u00e7oit un programme \u00ab\u00a0Enseignement\u00a0\u00bb original en s\u2019inspirant de principes <strong>d\u2019innovation<\/strong>, de <strong>lib\u00e9ralisme social<\/strong> et de <strong>valorisation des talents<\/strong>, tout en proposant une articulation sp\u00e9cifique entre excellence, inclusion et pr\u00e9paration \u00e0 l\u2019\u00e9conomie num\u00e9rique.<\/p>\n\n\n\n<p class=\"wp-block-paragraph\"><strong>Axes programmatiques modernistes<\/strong><\/p>\n\n\n\n<ul class=\"wp-block-list\">\n<li>Mettre l\u2019accent sur l\u2019individualisation des parcours, avec des modules d\u2019orientation, du mentorat professionnel, et la valorisation de l\u2019autonomie d\u00e8s le secondaire.<\/li>\n\n\n\n<li>R\u00e9former le tronc commun pour le rendre plus flexible, ax\u00e9 sur les comp\u00e9tences num\u00e9riques, esprit critique, entrepreneuriat et apprentissages immersifs en langues.<\/li>\n\n\n\n<li>Encourager une ouverture vers l\u2019apprentissage mixte (pr\u00e9sentiel\/distanciel), d\u00e9velopper des partenariats avec des entreprises innovantes pour des stages ou projets concrets d\u00e8s le secondaire.<\/li>\n<\/ul>\n\n\n\n<p class=\"wp-block-paragraph\"><strong>Diff\u00e9renciation id\u00e9ologique par rapport aux programmes classiques<\/strong><\/p>\n\n\n\n<ul class=\"wp-block-list\">\n<li>Pr\u00f4ner une \u00e9cole inclusive mais exigeante\u202f: valoriser l\u2019effort personnel, r\u00e9compenser le travail, tout en assurant l\u2019\u00e9galit\u00e9 d\u2019acc\u00e8s via la lutte contre l\u2019assistanat scolaire et la sur administration.<\/li>\n\n\n\n<li>D\u00e9velopper la reconnaissance des talents techniques, entrepreneuriaux et artistiques, en \u00ab\u2009cassant\u2009\u00bb la survalorisation du cursus traditionnel g\u00e9n\u00e9raliste.<\/li>\n\n\n\n<li>Mettre en place des solutions pragmatiques pour lutter contre le d\u00e9crochage scolaire via tutorat, innovation p\u00e9dagogique et int\u00e9gration num\u00e9rique, adapt\u00e9s aux r\u00e9alit\u00e9s locales.<\/li>\n<\/ul>\n\n\n\n<p class=\"wp-block-paragraph\"><strong>Priorit\u00e9s modernistes sp\u00e9cifiques<\/strong><\/p>\n\n\n\n<ul class=\"wp-block-list\">\n<li>Valorisation de la <strong>m\u00e9ritocratie<\/strong> et du \u00ab go\u00fbt de faire \u00bb, en r\u00e9compensant les initiatives, mini-entreprises \u00e9tudiantes, projets interdisciplinaires et engagement civique.<\/li>\n\n\n\n<li>Renforcement de l\u2019enseignement des langues, du num\u00e9rique et de la culture g\u00e9n\u00e9rale europ\u00e9enne, pour former des citoyens bilingues et connect\u00e9s.<\/li>\n\n\n\n<li>Liaison forte avec le tissu \u00e9conomique local\u202f: promotion des \u00e9coles \u00ab \u00e0 projet \u00bb et des incubateurs \u00e9ducatifs en partenariat avec PME, startups ou laboratoires.<\/li>\n<\/ul>\n\n\n\n<p class=\"wp-block-paragraph\"><strong>S\u00e9curit\u00e9 et neutralit\u00e9<\/strong><\/p>\n\n\n\n<ul class=\"wp-block-list\">\n<li>Insister sur la neutralit\u00e9 la\u00efque, l\u2019esprit critique et la lutte contre toute forme de radicalisation ou de fragmentation scolaire.<\/li>\n\n\n\n<li>Proposer une gouvernance locale renforc\u00e9e\u202f: autonomie de projets \u00e9ducatifs, possibilit\u00e9 d\u2019exp\u00e9rimentation, \u00e9valuation quantitative ouverte \u00e0 la soci\u00e9t\u00e9 civile.<\/li>\n<\/ul>\n\n\n\n<p class=\"wp-block-paragraph\">Ce programme, \u00e0 la fois <strong>original<\/strong> et <strong>porteur<\/strong>, s\u2019appuiera sur une synergie entre innovation p\u00e9dagogique, m\u00e9ritocratie ouverte, et alliances \u00e9conomiques, en marquant un net contraste avec la d\u00e9fense d\u2019un syst\u00e8me fig\u00e9 ou l\u2019instrumentalisation id\u00e9ologique de l\u2019\u00e9cole.<\/p>\n\n\n\n<p class=\"wp-block-paragraph\"><strong><mark style=\"background-color:rgba(0, 0, 0, 0);color:#ff6900\" class=\"has-inline-color\">MDM <\/mark><\/strong>plante les id\u00e9es nouvelles pour faire grandir la soci\u00e9t\u00e9 :<\/p>\n\n\n\n<blockquote class=\"wp-block-quote is-layout-flow wp-block-quote-is-layout-flow\">\n<p class=\"wp-block-paragraph\"><em><strong><mark style=\"background-color:rgba(0, 0, 0, 0);color:#ff6900\" class=\"has-inline-color\">\u00ab\u00a0Semer la modernit\u00e9, r\u00e9colter l\u2019avenir\u00a0\u00bb<\/mark><\/strong><\/em><br><br><\/p>\n<\/blockquote>\n\n\n\n<p class=\"wp-block-paragraph\"><\/p>\n","protected":false},"excerpt":{"rendered":"<p>Mouvement Droite Moderniste con\u00e7oit un programme \u00ab\u00a0Enseignement\u00a0\u00bb original en s\u2019inspirant de principes d\u2019innovation, de lib\u00e9ralisme social et de valorisation des talents, tout en proposant une articulation sp\u00e9cifique entre excellence, inclusion et pr\u00e9paration \u00e0 l\u2019\u00e9conomie num\u00e9rique. Axes programmatiques modernistes Diff\u00e9renciation id\u00e9ologique par rapport aux programmes classiques Priorit\u00e9s modernistes sp\u00e9cifiques S\u00e9curit\u00e9 et neutralit\u00e9 Ce programme, \u00e0 la [&hellip;]<\/p>\n","protected":false},"author":1,"featured_media":0,"parent":268,"menu_order":0,"comment_status":"closed","ping_status":"closed","template":"","meta":{"_monsterinsights_skip_tracking":false,"_uf_show_specific_survey":0,"_uf_disable_surveys":false,"footnotes":""},"class_list":["post-300","page","type-page","status-publish","hentry"],"_links":{"self":[{"href":"https:\/\/droitemoderniste.be\/index.php\/wp-json\/wp\/v2\/pages\/300","targetHints":{"allow":["GET"]}}],"collection":[{"href":"https:\/\/droitemoderniste.be\/index.php\/wp-json\/wp\/v2\/pages"}],"about":[{"href":"https:\/\/droitemoderniste.be\/index.php\/wp-json\/wp\/v2\/types\/page"}],"author":[{"embeddable":true,"href":"https:\/\/droitemoderniste.be\/index.php\/wp-json\/wp\/v2\/users\/1"}],"replies":[{"embeddable":true,"href":"https:\/\/droitemoderniste.be\/index.php\/wp-json\/wp\/v2\/comments?post=300"}],"version-history":[{"count":6,"href":"https:\/\/droitemoderniste.be\/index.php\/wp-json\/wp\/v2\/pages\/300\/revisions"}],"predecessor-version":[{"id":2932,"href":"https:\/\/droitemoderniste.be\/index.php\/wp-json\/wp\/v2\/pages\/300\/revisions\/2932"}],"up":[{"embeddable":true,"href":"https:\/\/droitemoderniste.be\/index.php\/wp-json\/wp\/v2\/pages\/268"}],"wp:attachment":[{"href":"https:\/\/droitemoderniste.be\/index.php\/wp-json\/wp\/v2\/media?parent=300"}],"curies":[{"name":"wp","href":"https:\/\/api.w.org\/{rel}","templated":true}]}}